{"id":4184,"date":"2022-02-08T10:00:55","date_gmt":"2022-02-08T10:00:55","guid":{"rendered":"https:\/\/edinor.eus\/proyectos\/cel-toda-navarra\/"},"modified":"2023-06-13T13:18:37","modified_gmt":"2023-06-13T13:18:37","slug":"cel-toda-navarra","status":"publish","type":"dt_portfolio","link":"https:\/\/edinor.eus\/eu\/proiektuak\/cel-toda-navarra\/","title":{"rendered":"CEL TODA Navarra"},"content":{"rendered":"<p>[vc_row gap=&#8221;10&#8243; equal_height=&#8221;yes&#8221; disable_element=&#8221;yes&#8221; css=&#8221;.vc_custom_1656499026992{margin-bottom: 60px !important;}&#8221;][vc_column width=&#8221;1\/3&#8243; css=&#8221;.vc_custom_1612893013081{padding-right: 0px !important;}&#8221;][vc_single_image image=&#8221;3541&#8243; img_size=&#8221;75&#215;58&#8243;][vc_column_text]Aprovechar las cubiertas en 28 localidades para realizar instalaciones solares fotovoltaicas que sean explotadas bajo la figura del <strong>autoconsumo colectivo<\/strong>.[\/vc_column_text][\/vc_column][vc_column width=&#8221;1\/3&#8243;][vc_single_image image=&#8221;3551&#8243; img_size=&#8221;75&#215;58&#8243;][vc_column_text]Dar <strong>acceso a las viviendas y comercios<\/strong> del entorno a generar su propia energ\u00eda solar con los beneficios medioambientales, sociales y econ\u00f3micos asociados.[\/vc_column_text][\/vc_column][vc_column width=&#8221;1\/3&#8243;][vc_single_image image=&#8221;3549&#8243; img_size=&#8221;75&#215;58&#8243;][vc_column_text]Hacerlo en base a un modelo de <strong>Comunidad Energ\u00e9tica Local<\/strong>, CEL, contratado y de garant\u00edas que asegura la optimizaci\u00f3n en la gesti\u00f3n y que cumple con todos los requisitos impuestos por las Directivas Europeas.[\/vc_column_text][\/vc_column][\/vc_row][vc_row full_width=&#8221;stretch_row&#8221; css=&#8221;.vc_custom_1656499040068{margin-top: -88px !important;background-image: url(https:\/\/edinor.eus\/uploads\/2022\/06\/tek-background-info-scaled.jpg?id=3488) !important;}&#8221;][vc_column][vc_row_inner css=&#8221;.vc_custom_1654171315160{margin-top: 64px !important;}&#8221;][vc_column_inner width=&#8221;5\/6&#8243;]<div id=\"ultimate-heading-674469f47b2fe2dc5\" class=\"uvc-heading ult-adjust-bottom-margin ultimate-heading-674469f47b2fe2dc5 uvc-8580 \" data-hspacer=\"no_spacer\"  data-halign=\"left\" style=\"text-align:left\"><div class=\"uvc-heading-spacer no_spacer\" style=\"top\"><\/div><div class=\"uvc-main-heading ult-responsive\"  data-ultimate-target='.uvc-heading.ultimate-heading-674469f47b2fe2dc5 h3'  data-responsive-json-new='{\"font-size\":\"desktop:44px;\",\"line-height\":\"desktop:48px;\"}' ><h3 style=\"--font-weight:theme;color:#ffffff;\">CEL TODA Navarra-ren zifrak<\/h3><\/div><\/div>[\/vc_column_inner][vc_column_inner width=&#8221;1\/6&#8243;]<style type=\"text\/css\">#dt-btn-1 {color: #33cbcf;background: #ffffff;}#dt-btn-1 > .text-wrap * {color: #33cbcf;}<\/style><div class=\"text-centered\"><a href=\"https:\/\/www.celtodanavarra.es\/\" class=\"btn-shortcode dt-btn-l dt-btn custom-btn-color accent-btn-hover-color default-btn-bg-hover-color\" target=\"_blank\" id=\"dt-btn-1\" rel=\"noopener\"><span>Konektatu<\/span><\/a><\/div>[\/vc_column_inner][\/vc_row_inner][vc_row_inner equal_height=&#8221;yes&#8221; css=&#8221;.vc_custom_1654169246301{padding-top: 32px !important;padding-bottom: 32px !important;}&#8221;][vc_column_inner width=&#8221;1\/5&#8243; css=&#8221;.vc_custom_1654170180310{margin-top: 32px !important;margin-right: 16px !important;margin-bottom: 32px !important;margin-left: 32px !important;background-color: rgba(255,255,255,0.12) !important;*background-color: rgb(255,255,255) !important;}&#8221;]<div id=\"ultimate-heading-792269f47b2fe304f\" class=\"uvc-heading ult-adjust-bottom-margin ultimate-heading-792269f47b2fe304f uvc-7723 \" data-hspacer=\"no_spacer\"  data-halign=\"center\" style=\"text-align:center\"><div class=\"uvc-heading-spacer no_spacer\" style=\"top\"><\/div><div class=\"uvc-main-heading ult-responsive\"  data-ultimate-target='.uvc-heading.ultimate-heading-792269f47b2fe304f h3'  data-responsive-json-new='{\"font-size\":\"desktop:28px;\",\"line-height\":\"desktop:64px;\"}' ><h3 style=\"--font-weight:theme;color:#ffffff;margin-top:-15px;\">4 MW<\/h3><\/div><div class=\"uvc-sub-heading ult-responsive\"  data-ultimate-target='.uvc-heading.ultimate-heading-792269f47b2fe304f .uvc-sub-heading '  data-responsive-json-new='{\"font-size\":\"desktop:16px;\",\"line-height\":\"desktop:24px;\"}'  style=\"font-weight:normal;color:#ffffff;margin-bottom:15px;\">Potentzia<\/div><\/div>[\/vc_column_inner][vc_column_inner width=&#8221;1\/5&#8243; css=&#8221;.vc_custom_1654170191088{margin-top: 32px !important;margin-right: 16px !important;margin-bottom: 32px !important;margin-left: 16px !important;background-color: rgba(255,255,255,0.12) !important;*background-color: rgb(255,255,255) !important;}&#8221;]<div id=\"ultimate-heading-385569f47b2fe30e8\" class=\"uvc-heading ult-adjust-bottom-margin ultimate-heading-385569f47b2fe30e8 uvc-6231 \" data-hspacer=\"no_spacer\"  data-halign=\"center\" style=\"text-align:center\"><div class=\"uvc-heading-spacer no_spacer\" style=\"top\"><\/div><div class=\"uvc-main-heading ult-responsive\"  data-ultimate-target='.uvc-heading.ultimate-heading-385569f47b2fe30e8 h3'  data-responsive-json-new='{\"font-size\":\"desktop:28px;\",\"line-height\":\"desktop:64px;\"}' ><h3 style=\"--font-weight:theme;color:#ffffff;margin-top:-15px;\">40.000 m2<\/h3><\/div><div class=\"uvc-sub-heading ult-responsive\"  data-ultimate-target='.uvc-heading.ultimate-heading-385569f47b2fe30e8 .uvc-sub-heading '  data-responsive-json-new='{\"font-size\":\"desktop:16px;\",\"line-height\":\"desktop:24px;\"}'  style=\"font-weight:normal;color:#ffffff;margin-bottom:15px;\">Azalera erabilgarria<\/div><\/div>[\/vc_column_inner][vc_column_inner width=&#8221;1\/5&#8243; css=&#8221;.vc_custom_1654170199981{margin-top: 32px !important;margin-right: 16px !important;margin-bottom: 32px !important;margin-left: 16px !important;background-color: rgba(255,255,255,0.12) !important;*background-color: rgb(255,255,255) !important;}&#8221;]<div id=\"ultimate-heading-86169f47b2fe3163\" class=\"uvc-heading ult-adjust-bottom-margin ultimate-heading-86169f47b2fe3163 uvc-1788 \" data-hspacer=\"no_spacer\"  data-halign=\"center\" style=\"text-align:center\"><div class=\"uvc-heading-spacer no_spacer\" style=\"top\"><\/div><div class=\"uvc-main-heading ult-responsive\"  data-ultimate-target='.uvc-heading.ultimate-heading-86169f47b2fe3163 h3'  data-responsive-json-new='{\"font-size\":\"desktop:28px;\",\"line-height\":\"desktop:64px;\"}' ><h3 style=\"--font-weight:theme;color:#ffffff;margin-top:-15px;\">56<\/h3><\/div><div class=\"uvc-sub-heading ult-responsive\"  data-ultimate-target='.uvc-heading.ultimate-heading-86169f47b2fe3163 .uvc-sub-heading '  data-responsive-json-new='{\"font-size\":\"desktop:16px;\",\"line-height\":\"desktop:24px;\"}'  style=\"font-weight:normal;color:#ffffff;margin-bottom:15px;\">instalazio fotovoltaiko monitorizatuak<\/div><\/div>[\/vc_column_inner][vc_column_inner width=&#8221;1\/5&#8243; css=&#8221;.vc_custom_1654170214041{margin-top: 32px !important;margin-right: 16px !important;margin-bottom: 32px !important;margin-left: 16px !important;background-color: rgba(255,255,255,0.12) !important;*background-color: rgb(255,255,255) !important;}&#8221;]<div id=\"ultimate-heading-365469f47b2fe31ad\" class=\"uvc-heading ult-adjust-bottom-margin ultimate-heading-365469f47b2fe31ad uvc-8401 \" data-hspacer=\"no_spacer\"  data-halign=\"center\" style=\"text-align:center\"><div class=\"uvc-heading-spacer no_spacer\" style=\"top\"><\/div><div class=\"uvc-main-heading ult-responsive\"  data-ultimate-target='.uvc-heading.ultimate-heading-365469f47b2fe31ad h3'  data-responsive-json-new='{\"font-size\":\"desktop:28px;\",\"line-height\":\"desktop:64px;\"}' ><h3 style=\"--font-weight:theme;color:#ffffff;margin-top:-15px;\">5.700<\/h3><\/div><div class=\"uvc-sub-heading ult-responsive\"  data-ultimate-target='.uvc-heading.ultimate-heading-365469f47b2fe31ad .uvc-sub-heading '  data-responsive-json-new='{\"font-size\":\"desktop:16px;\",\"line-height\":\"desktop:24px;\"}'  style=\"font-weight:normal;color:#ffffff;margin-bottom:15px;\">Etxe eta denda txiki<\/div><\/div>[\/vc_column_inner][vc_column_inner width=&#8221;1\/5&#8243; css=&#8221;.vc_custom_1654170233712{margin-top: 32px !important;margin-right: 32px !important;margin-bottom: 32px !important;margin-left: 16px !important;background-color: rgba(255,255,255,0.12) !important;*background-color: rgb(255,255,255) !important;}&#8221;]<div id=\"ultimate-heading-162369f47b2fe31f0\" class=\"uvc-heading ult-adjust-bottom-margin ultimate-heading-162369f47b2fe31f0 uvc-7635 \" data-hspacer=\"no_spacer\"  data-halign=\"center\" style=\"text-align:center\"><div class=\"uvc-heading-spacer no_spacer\" style=\"top\"><\/div><div class=\"uvc-main-heading ult-responsive\"  data-ultimate-target='.uvc-heading.ultimate-heading-162369f47b2fe31f0 h3'  data-responsive-json-new='{\"font-size\":\"desktop:28px;\",\"line-height\":\"desktop:64px;\"}' ><h3 style=\"--font-weight:theme;color:#ffffff;margin-top:-15px;\">28<\/h3><\/div><div class=\"uvc-sub-heading ult-responsive\"  data-ultimate-target='.uvc-heading.ultimate-heading-162369f47b2fe31f0 .uvc-sub-heading '  data-responsive-json-new='{\"font-size\":\"desktop:16px;\",\"line-height\":\"desktop:24px;\"}'  style=\"font-weight:normal;color:#ffffff;margin-bottom:15px;\">udaletxe<\/div><\/div>[\/vc_column_inner][\/vc_row_inner][vc_row_inner equal_height=&#8221;yes&#8221; css=&#8221;.vc_custom_1654175828624{margin-top: 32px !important;margin-bottom: 64px !important;}&#8221;][vc_column_inner width=&#8221;2\/5&#8243; css=&#8221;.vc_custom_1655368122882{margin-top: 32px !important;margin-right: 16px !important;margin-left: 32px !important;border-radius: 15px !important;}&#8221;][vc_single_image image=&#8221;3754&#8243; img_size=&#8221;full&#8221; alignment=&#8221;center&#8221; css=&#8221;.vc_custom_1655367578855{margin-top: -35px !important;margin-right: -15px !important;margin-left: -15px !important;}&#8221;][\/vc_column_inner][vc_column_inner width=&#8221;1\/5&#8243; css=&#8221;.vc_custom_1655367955750{margin-right: 16px !important;margin-left: 16px !important;border-radius: 15px !important;}&#8221;][vc_column_text]<span style=\"color: #ffffff;\"><strong>Albitas<\/strong><\/span><br \/>\n<span style=\"color: #ffffff;\"><strong>Andosilla<\/strong><\/span><br \/>\n<span style=\"color: #ffffff;\"><strong>Arguedas<\/strong><\/span><br \/>\n<span style=\"color: #ffffff;\"><strong>Arma\u00f1anzas<\/strong><\/span><br \/>\n<span style=\"color: #ffffff;\"><strong>Azagra<\/strong><\/span><br \/>\n<span style=\"color: #ffffff;\"><strong>Bu\u00f1uel<\/strong><\/span><br \/>\n<span style=\"color: #ffffff;\"><strong>Cadreita<\/strong><\/span><br \/>\n<span style=\"color: #ffffff;\"><strong>Cascante<\/strong><\/span><br \/>\n<span style=\"color: #ffffff;\"><strong>Cortes<\/strong><\/span><br \/>\n<span style=\"color: #ffffff;\"><strong>Fitero<\/strong><\/span>[\/vc_column_text][\/vc_column_inner][vc_column_inner width=&#8221;1\/5&#8243; css=&#8221;.vc_custom_1655369012494{margin-right: 16px !important;margin-left: 16px !important;border-radius: 15px !important;}&#8221;][vc_column_text]<span style=\"color: #ffffff;\"><strong>Fusti\u00f1ana<\/strong><\/span><br \/>\n<span style=\"color: #ffffff;\"><strong>Jaurrieta<\/strong><\/span><br \/>\n<span style=\"color: #ffffff;\"><strong>Legarda<\/strong><\/span><br \/>\n<span style=\"color: #ffffff;\"><strong>Lekunberri<\/strong><\/span><br \/>\n<span style=\"color: #ffffff;\"><strong>Marcilla<\/strong><\/span><br \/>\n<span style=\"color: #ffffff;\"><strong>Mendavia<\/strong><\/span><br \/>\n<span style=\"color: #ffffff;\"><strong>Milagro<\/strong><\/span><br \/>\n<span style=\"color: #ffffff;\"><strong>Mues<\/strong><\/span><br \/>\n<span style=\"color: #ffffff;\"><strong>Olite<\/strong><\/span>[\/vc_column_text][\/vc_column_inner][vc_column_inner width=&#8221;1\/5&#8243; css=&#8221;.vc_custom_1655369076493{margin-right: 32px !important;margin-left: 16px !important;border-radius: 15px !important;}&#8221;][vc_column_text]<span style=\"color: #ffffff;\"><strong>Oteiza<\/strong><\/span><br \/>\n<span style=\"color: #ffffff;\"><strong>Peralta<\/strong><\/span><br \/>\n<span style=\"color: #ffffff;\"><strong>Ribaforada<\/strong><\/span><br \/>\n<span style=\"color: #ffffff;\"><strong>S. Martin de Unx<\/strong><\/span><br \/>\n<span style=\"color: #ffffff;\"><strong>Torralba<\/strong><\/span><br \/>\n<span style=\"color: #ffffff;\"><strong>Ujue<\/strong><\/span><br \/>\n<span style=\"color: #ffffff;\"><strong>Valtierra<\/strong><\/span><br \/>\n<span style=\"color: #ffffff;\"><strong>Villafranca<\/strong><\/span><br \/>\n<span style=\"color: #ffffff;\"><strong>Villava<\/strong><\/span>[\/vc_column_text][\/vc_column_inner][\/vc_row_inner][\/vc_column][\/vc_row]<\/p>\n","protected":false},"excerpt":{"rendered":"<p>Tokiko oinarriko lehen Lurralde Energia Erkidegoa, 29 udalerri biltzen dituena (horietatik 27, 5.000 biztanletik beherakoak), 5 milioi eurotik gorako inbertsioa duen eta Estatuko eta Europako erreferente izatera deitua dagoen proiektu batekin.<\/p>\n","protected":false},"author":2,"featured_media":3978,"comment_status":"closed","ping_status":"closed","template":"","dt_portfolio_category":[48],"dt_portfolio_tags":[],"class_list":["post-4184","dt_portfolio","type-dt_portfolio","status-publish","has-post-thumbnail","hentry","dt_portfolio_category-tek","dt_portfolio_category-48","description-off"],"acf":[],"yoast_head":"<!-- This site is optimized with the Yoast SEO plugin v26.6 - https:\/\/yoast.com\/wordpress\/plugins\/seo\/ -->\n<title>CEL TODA Navarra | TEK proiektuak | Edinor | Energ\u00eda DIstribuida del NORte<\/title>\n<meta name=\"description\" content=\"Tokiko oinarriko lehen Lurralde Energia Erkidegoa, 29 udalerri biltzen dituena (horietatik 27, 5.000 biztanletik beherakoak), 5 milioi eurotik gorako inbertsioa duen eta Estatuko eta Europako erreferente izatera deitua dagoen proiektu batekin.\" \/>\n<meta name=\"robots\" content=\"index, follow, max-snippet:-1, max-image-preview:large, max-video-preview:-1\" \/>\n<link rel=\"canonical\" href=\"https:\/\/edinor.eus\/eu\/proiektuak\/cel-toda-navarra\/\" \/>\n<meta property=\"og:locale\" content=\"eu_ES\" \/>\n<meta property=\"og:type\" content=\"article\" \/>\n<meta property=\"og:title\" content=\"CEL TODA Navarra | TEK proiektuak | Edinor | Energ\u00eda DIstribuida del NORte\" \/>\n<meta property=\"og:description\" content=\"Tokiko oinarriko lehen Lurralde Energia Erkidegoa, 29 udalerri biltzen dituena (horietatik 27, 5.000 biztanletik beherakoak), 5 milioi eurotik gorako inbertsioa duen eta Estatuko eta Europako erreferente izatera deitua dagoen proiektu batekin.\" \/>\n<meta property=\"og:url\" content=\"https:\/\/edinor.eus\/eu\/proiektuak\/cel-toda-navarra\/\" \/>\n<meta property=\"og:site_name\" content=\"Edinor\" \/>\n<meta property=\"article:modified_time\" content=\"2023-06-13T13:18:37+00:00\" \/>\n<meta property=\"og:image\" content=\"https:\/\/edinor.eus\/uploads\/2022\/06\/cel-toda-navarra-preview-edinor.jpg\" \/>\n\t<meta property=\"og:image:width\" content=\"804\" \/>\n\t<meta property=\"og:image:height\" content=\"592\" \/>\n\t<meta property=\"og:image:type\" content=\"image\/jpeg\" \/>\n<meta name=\"twitter:card\" content=\"summary_large_image\" \/>\n<meta name=\"twitter:label1\" content=\"Est. reading time\" \/>\n\t<meta name=\"twitter:data1\" content=\"2 minutes\" \/>\n<script type=\"application\/ld+json\" class=\"yoast-schema-graph\">{\"@context\":\"https:\/\/schema.org\",\"@graph\":[{\"@type\":\"WebPage\",\"@id\":\"https:\/\/edinor.eus\/eu\/proiektuak\/cel-toda-navarra\/\",\"url\":\"https:\/\/edinor.eus\/eu\/proiektuak\/cel-toda-navarra\/\",\"name\":\"CEL TODA Navarra | TEK proiektuak | Edinor | Energ\u00eda DIstribuida del NORte\",\"isPartOf\":{\"@id\":\"https:\/\/edinor.eus\/#website\"},\"primaryImageOfPage\":{\"@id\":\"https:\/\/edinor.eus\/eu\/proiektuak\/cel-toda-navarra\/#primaryimage\"},\"image\":{\"@id\":\"https:\/\/edinor.eus\/eu\/proiektuak\/cel-toda-navarra\/#primaryimage\"},\"thumbnailUrl\":\"https:\/\/edinor.eus\/uploads\/2022\/06\/cel-toda-navarra-preview-edinor.jpg\",\"datePublished\":\"2022-02-08T10:00:55+00:00\",\"dateModified\":\"2023-06-13T13:18:37+00:00\",\"description\":\"Tokiko oinarriko lehen Lurralde Energia Erkidegoa, 29 udalerri biltzen dituena (horietatik 27, 5.000 biztanletik beherakoak), 5 milioi eurotik gorako inbertsioa duen eta Estatuko eta Europako erreferente izatera deitua dagoen proiektu batekin.\",\"breadcrumb\":{\"@id\":\"https:\/\/edinor.eus\/eu\/proiektuak\/cel-toda-navarra\/#breadcrumb\"},\"inLanguage\":\"eu-ES\",\"potentialAction\":[{\"@type\":\"ReadAction\",\"target\":[\"https:\/\/edinor.eus\/eu\/proiektuak\/cel-toda-navarra\/\"]}]},{\"@type\":\"ImageObject\",\"inLanguage\":\"eu-ES\",\"@id\":\"https:\/\/edinor.eus\/eu\/proiektuak\/cel-toda-navarra\/#primaryimage\",\"url\":\"https:\/\/edinor.eus\/uploads\/2022\/06\/cel-toda-navarra-preview-edinor.jpg\",\"contentUrl\":\"https:\/\/edinor.eus\/uploads\/2022\/06\/cel-toda-navarra-preview-edinor.jpg\",\"width\":804,\"height\":592,\"caption\":\"Vista de un pueblo de Navarra | TEK TODA Navarra | Edinor\"},{\"@type\":\"BreadcrumbList\",\"@id\":\"https:\/\/edinor.eus\/eu\/proiektuak\/cel-toda-navarra\/#breadcrumb\",\"itemListElement\":[{\"@type\":\"ListItem\",\"position\":1,\"name\":\"Home\",\"item\":\"https:\/\/www.edinor.eus\/eu\/\"},{\"@type\":\"ListItem\",\"position\":2,\"name\":\"Portafolio\",\"item\":\"https:\/\/edinor.eus\/proyectos\/\"},{\"@type\":\"ListItem\",\"position\":3,\"name\":\"CEL TODA Navarra\"}]},{\"@type\":\"WebSite\",\"@id\":\"https:\/\/edinor.eus\/#website\",\"url\":\"https:\/\/edinor.eus\/\",\"name\":\"Edinor\",\"description\":\"Energia banatuko eta autokontsumo partekatuko soluzioak sustatzen ditugu\",\"potentialAction\":[{\"@type\":\"SearchAction\",\"target\":{\"@type\":\"EntryPoint\",\"urlTemplate\":\"https:\/\/edinor.eus\/?s={search_term_string}\"},\"query-input\":{\"@type\":\"PropertyValueSpecification\",\"valueRequired\":true,\"valueName\":\"search_term_string\"}}],\"inLanguage\":\"eu-ES\"}]}<\/script>\n<!-- \/ Yoast SEO plugin. -->","yoast_head_json":{"title":"CEL TODA Navarra | TEK proiektuak | Edinor | Energ\u00eda DIstribuida del NORte","description":"Tokiko oinarriko lehen Lurralde Energia Erkidegoa, 29 udalerri biltzen dituena (horietatik 27, 5.000 biztanletik beherakoak), 5 milioi eurotik gorako inbertsioa duen eta Estatuko eta Europako erreferente izatera deitua dagoen proiektu batekin.","robots":{"index":"index","follow":"follow","max-snippet":"max-snippet:-1","max-image-preview":"max-image-preview:large","max-video-preview":"max-video-preview:-1"},"canonical":"https:\/\/edinor.eus\/eu\/proiektuak\/cel-toda-navarra\/","og_locale":"eu_ES","og_type":"article","og_title":"CEL TODA Navarra | TEK proiektuak | Edinor | Energ\u00eda DIstribuida del NORte","og_description":"Tokiko oinarriko lehen Lurralde Energia Erkidegoa, 29 udalerri biltzen dituena (horietatik 27, 5.000 biztanletik beherakoak), 5 milioi eurotik gorako inbertsioa duen eta Estatuko eta Europako erreferente izatera deitua dagoen proiektu batekin.","og_url":"https:\/\/edinor.eus\/eu\/proiektuak\/cel-toda-navarra\/","og_site_name":"Edinor","article_modified_time":"2023-06-13T13:18:37+00:00","og_image":[{"width":804,"height":592,"url":"https:\/\/edinor.eus\/uploads\/2022\/06\/cel-toda-navarra-preview-edinor.jpg","type":"image\/jpeg"}],"twitter_card":"summary_large_image","twitter_misc":{"Est. reading time":"2 minutes"},"schema":{"@context":"https:\/\/schema.org","@graph":[{"@type":"WebPage","@id":"https:\/\/edinor.eus\/eu\/proiektuak\/cel-toda-navarra\/","url":"https:\/\/edinor.eus\/eu\/proiektuak\/cel-toda-navarra\/","name":"CEL TODA Navarra | TEK proiektuak | Edinor | Energ\u00eda DIstribuida del NORte","isPartOf":{"@id":"https:\/\/edinor.eus\/#website"},"primaryImageOfPage":{"@id":"https:\/\/edinor.eus\/eu\/proiektuak\/cel-toda-navarra\/#primaryimage"},"image":{"@id":"https:\/\/edinor.eus\/eu\/proiektuak\/cel-toda-navarra\/#primaryimage"},"thumbnailUrl":"https:\/\/edinor.eus\/uploads\/2022\/06\/cel-toda-navarra-preview-edinor.jpg","datePublished":"2022-02-08T10:00:55+00:00","dateModified":"2023-06-13T13:18:37+00:00","description":"Tokiko oinarriko lehen Lurralde Energia Erkidegoa, 29 udalerri biltzen dituena (horietatik 27, 5.000 biztanletik beherakoak), 5 milioi eurotik gorako inbertsioa duen eta Estatuko eta Europako erreferente izatera deitua dagoen proiektu batekin.","breadcrumb":{"@id":"https:\/\/edinor.eus\/eu\/proiektuak\/cel-toda-navarra\/#breadcrumb"},"inLanguage":"eu-ES","potentialAction":[{"@type":"ReadAction","target":["https:\/\/edinor.eus\/eu\/proiektuak\/cel-toda-navarra\/"]}]},{"@type":"ImageObject","inLanguage":"eu-ES","@id":"https:\/\/edinor.eus\/eu\/proiektuak\/cel-toda-navarra\/#primaryimage","url":"https:\/\/edinor.eus\/uploads\/2022\/06\/cel-toda-navarra-preview-edinor.jpg","contentUrl":"https:\/\/edinor.eus\/uploads\/2022\/06\/cel-toda-navarra-preview-edinor.jpg","width":804,"height":592,"caption":"Vista de un pueblo de Navarra | TEK TODA Navarra | Edinor"},{"@type":"BreadcrumbList","@id":"https:\/\/edinor.eus\/eu\/proiektuak\/cel-toda-navarra\/#breadcrumb","itemListElement":[{"@type":"ListItem","position":1,"name":"Home","item":"https:\/\/www.edinor.eus\/eu\/"},{"@type":"ListItem","position":2,"name":"Portafolio","item":"https:\/\/edinor.eus\/proyectos\/"},{"@type":"ListItem","position":3,"name":"CEL TODA Navarra"}]},{"@type":"WebSite","@id":"https:\/\/edinor.eus\/#website","url":"https:\/\/edinor.eus\/","name":"Edinor","description":"Energia banatuko eta autokontsumo partekatuko soluzioak sustatzen ditugu","potentialAction":[{"@type":"SearchAction","target":{"@type":"EntryPoint","urlTemplate":"https:\/\/edinor.eus\/?s={search_term_string}"},"query-input":{"@type":"PropertyValueSpecification","valueRequired":true,"valueName":"search_term_string"}}],"inLanguage":"eu-ES"}]}},"_links":{"self":[{"href":"https:\/\/edinor.eus\/eu\/wp-json\/wp\/v2\/dt_portfolio\/4184","targetHints":{"allow":["GET"]}}],"collection":[{"href":"https:\/\/edinor.eus\/eu\/wp-json\/wp\/v2\/dt_portfolio"}],"about":[{"href":"https:\/\/edinor.eus\/eu\/wp-json\/wp\/v2\/types\/dt_portfolio"}],"author":[{"embeddable":true,"href":"https:\/\/edinor.eus\/eu\/wp-json\/wp\/v2\/users\/2"}],"replies":[{"embeddable":true,"href":"https:\/\/edinor.eus\/eu\/wp-json\/wp\/v2\/comments?post=4184"}],"version-history":[{"count":2,"href":"https:\/\/edinor.eus\/eu\/wp-json\/wp\/v2\/dt_portfolio\/4184\/revisions"}],"predecessor-version":[{"id":4186,"href":"https:\/\/edinor.eus\/eu\/wp-json\/wp\/v2\/dt_portfolio\/4184\/revisions\/4186"}],"wp:featuredmedia":[{"embeddable":true,"href":"https:\/\/edinor.eus\/eu\/wp-json\/wp\/v2\/media\/3978"}],"wp:attachment":[{"href":"https:\/\/edinor.eus\/eu\/wp-json\/wp\/v2\/media?parent=4184"}],"wp:term":[{"taxonomy":"dt_portfolio_category","embeddable":true,"href":"https:\/\/edinor.eus\/eu\/wp-json\/wp\/v2\/dt_portfolio_category?post=4184"},{"taxonomy":"dt_portfolio_tags","embeddable":true,"href":"https:\/\/edinor.eus\/eu\/wp-json\/wp\/v2\/dt_portfolio_tags?post=4184"}],"curies":[{"name":"wp","href":"https:\/\/api.w.org\/{rel}","templated":true}]}}